{"id":17,"date":"2016-02-16T09:50:35","date_gmt":"2016-02-16T09:50:35","guid":{"rendered":"http:\/\/aramis.drac.info\/?page_id=17"},"modified":"2016-11-22T17:57:47","modified_gmt":"2016-11-22T17:57:47","slug":"history","status":"publish","type":"page","link":"https:\/\/aramisbarcelona.com\/es\/history\/","title":{"rendered":"Historia y Localizaci\u00f3n"},"content":{"rendered":"\t<div  class=\"row container custom-width \" style=\"max-width:900px\">\n<div class=\"small-12   historia large-12  columns   \"  ><div class=\"column-inner\"  >\n<h1 class=\"alt-font\" style=\"text-align: center;\">HISTORIA<\/h1>\n<p><img loading=\"lazy\" decoding=\"async\" class=\"aligncenter size-full wp-image-151\" src=\"http:\/\/aramis.drac.info\/wp-content\/uploads\/2016\/02\/Fachada-Aramis.png\" alt=\"Fachada Aramis\" width=\"1200\" height=\"478\" srcset=\"https:\/\/aramisbarcelona.com\/wp-content\/uploads\/2016\/02\/Fachada-Aramis.png 1200w, https:\/\/aramisbarcelona.com\/wp-content\/uploads\/2016\/02\/Fachada-Aramis-800x319.png 800w, https:\/\/aramisbarcelona.com\/wp-content\/uploads\/2016\/02\/Fachada-Aramis-768x306.png 768w, https:\/\/aramisbarcelona.com\/wp-content\/uploads\/2016\/02\/Fachada-Aramis-250x100.png 250w, https:\/\/aramisbarcelona.com\/wp-content\/uploads\/2016\/02\/Fachada-Aramis-550x219.png 550w, https:\/\/aramisbarcelona.com\/wp-content\/uploads\/2016\/02\/Fachada-Aramis-452x180.png 452w, https:\/\/aramisbarcelona.com\/wp-content\/uploads\/2016\/02\/Fachada-Aramis-753x300.png 753w\" sizes=\"auto, (max-width: 1200px) 100vw, 1200px\" \/><\/p>\n<p style=\"text-align: justify;\">Es una de las tiendas de ropa de hombre y mujer m\u00e1s distinguidas y exclusivas de la ciudad, fundada en diciembre de 1969 por Mario Framis De La Valette. En Aramis siempre encontrar\u00e1s ropa de vestir y de sport elegante, con estilo y de alta calidad. Las inconfundibles chaquetas y los su\u00e9teres de cachemir para el invierno son s\u00f3lo algunas de nuestras sugerencias. Sus tiendas en Barcelona -Aramis en Rambla Catalunya- son la sobria elegancia que sintetiza el mejor esp\u00edritu cl\u00e1sico con las tendencias m\u00e1s modernas. Entre los clientes de Aramis se encuentran hombres y mujeres de la clase alta de Barcelona, personalidades del mundo de la pol\u00edtica, las artes, el cine y el teatro, as\u00ed como Su Majestad el Rey de Espa\u00f1a, ya que la boutique es proveedora de la Casa Real.<\/p>\n<\/div><\/div>\n<div class=\"small-12    large-2\/1  columns   \"  ><div class=\"column-inner\"  >\n \n<div class=\"ux-slider-wrapper relative\">\n    <div class=\"ux-slider iosSlider  slider-style-normal  slider-nav-light slider-nav-inside slider-nav-simple js-flickity\" \n        data-flickity-options='{ \n            \"cellAlign\": \"center\",\n            \"imagesLoaded\": true,\n            \"lazyLoad\": 1,\n            \"freeScroll\": false,\n            \"wrapAround\": true,\n            \"autoPlay\": 6000,\n            \"prevNextButtons\": true,\n            \"contain\" : true,\n            \"percentPosition\": true,\n            \"pageDots\": true,\n            \"selectedAttraction\" : 0.1,\n            \"friction\": 0.6,\n            \"rightToLeft\": false,\n            \"draggable\": true        }'\n        style=\"\"\n        >\n           <div id=\"banner_733917245\" class=\"ux_banner dark    \"  style=\"height:600px; \" data-height=\"600px\" role=\"banner\">\n                                  <div class=\"banner-bg \"  style=\"background-image:url('https:\/\/aramisbarcelona.com\/wp-content\/uploads\/2016\/02\/Moda-Hombre-Barcelona-5.jpg'); \"><img decoding=\"async\" src=\"https:\/\/aramisbarcelona.com\/wp-content\/uploads\/2016\/02\/Moda-Hombre-Barcelona-5.jpg\"  alt=\"\" style=\"visibility:hidden;\" \/><\/div>\n                             <div class=\"row\" >\n          <div class=\"inner center text-center \"  style=\"width:60%;\">\n            <div class=\"inner-wrap animated fadeIn\" style=\" \">\n                          <\/div>\n          <\/div>  \n        <\/div>\n                     <style>\n              @media only screen and (max-width: 480px) { #banner_733917245{ height:350px!important} }               <\/style>\n              <\/div><!-- end .ux_banner -->\n\n   <div id=\"banner_1858850048\" class=\"ux_banner dark    \"  style=\"height:600px; \" data-height=\"600px\" role=\"banner\">\n                                  <div class=\"banner-bg \"  style=\"background-image:url('https:\/\/aramisbarcelona.com\/wp-content\/uploads\/2016\/02\/Moda-Hombre-Barcelona-4.jpg'); \"><img decoding=\"async\" src=\"https:\/\/aramisbarcelona.com\/wp-content\/uploads\/2016\/02\/Moda-Hombre-Barcelona-4.jpg\"  alt=\"\" style=\"visibility:hidden;\" \/><\/div>\n                             <div class=\"row\" >\n          <div class=\"inner center text-center \"  style=\"width:60%;\">\n            <div class=\"inner-wrap animated fadeIn\" style=\" \">\n                          <\/div>\n          <\/div>  \n        <\/div>\n                     <style>\n              @media only screen and (max-width: 480px) { #banner_1858850048{ height:350px!important} }               <\/style>\n              <\/div><!-- end .ux_banner -->\n\n   <div id=\"banner_1126578751\" class=\"ux_banner dark    \"  style=\"height:600px; \" data-height=\"600px\" role=\"banner\">\n                                  <div class=\"banner-bg \"  style=\"background-image:url('https:\/\/aramisbarcelona.com\/wp-content\/uploads\/2016\/02\/Moda-Hombre-Barcelona-3.jpg'); \"><img decoding=\"async\" src=\"https:\/\/aramisbarcelona.com\/wp-content\/uploads\/2016\/02\/Moda-Hombre-Barcelona-3.jpg\"  alt=\"\" style=\"visibility:hidden;\" \/><\/div>\n                             <div class=\"row\" >\n          <div class=\"inner center text-center \"  style=\"width:60%;\">\n            <div class=\"inner-wrap animated fadeIn\" style=\" \">\n                          <\/div>\n          <\/div>  \n        <\/div>\n                     <style>\n              @media only screen and (max-width: 480px) { #banner_1126578751{ height:350px!important} }               <\/style>\n              <\/div><!-- end .ux_banner -->\n\n   <div id=\"banner_1375701240\" class=\"ux_banner dark    \"  style=\"height:600px; \" data-height=\"600px\" role=\"banner\">\n                                  <div class=\"banner-bg \"  style=\"background-image:url('https:\/\/aramisbarcelona.com\/wp-content\/uploads\/2016\/02\/Moda-Hombre-Barcelona-2.jpg'); \"><img decoding=\"async\" src=\"https:\/\/aramisbarcelona.com\/wp-content\/uploads\/2016\/02\/Moda-Hombre-Barcelona-2.jpg\"  alt=\"\" style=\"visibility:hidden;\" \/><\/div>\n                             <div class=\"row\" >\n          <div class=\"inner center text-center \"  style=\"width:60%;\">\n            <div class=\"inner-wrap animated fadeIn\" style=\" \">\n                          <\/div>\n          <\/div>  \n        <\/div>\n                     <style>\n              @media only screen and (max-width: 480px) { #banner_1375701240{ height:350px!important} }               <\/style>\n              <\/div><!-- end .ux_banner -->\n\n   <div id=\"banner_1238339619\" class=\"ux_banner dark    \"  style=\"height:600px; \" data-height=\"600px\" role=\"banner\">\n                                  <div class=\"banner-bg \"  style=\"background-image:url('https:\/\/aramisbarcelona.com\/wp-content\/uploads\/2016\/02\/Moda-Hombre-Barcelona-1.jpg'); \"><img decoding=\"async\" src=\"https:\/\/aramisbarcelona.com\/wp-content\/uploads\/2016\/02\/Moda-Hombre-Barcelona-1.jpg\"  alt=\"\" style=\"visibility:hidden;\" \/><\/div>\n                             <div class=\"row\" >\n          <div class=\"inner center text-center \"  style=\"width:60%;\">\n            <div class=\"inner-wrap animated fadeIn\" style=\" \">\n                          <\/div>\n          <\/div>  \n        <\/div>\n                     <style>\n              @media only screen and (max-width: 480px) { #banner_1238339619{ height:350px!important} }               <\/style>\n              <\/div><!-- end .ux_banner -->\n\n   <div id=\"banner_1704556985\" class=\"ux_banner dark    \"  style=\"height:600px; \" data-height=\"600px\" role=\"banner\">\n                                  <div class=\"banner-bg \"  style=\"background-image:url('https:\/\/aramisbarcelona.com\/wp-content\/uploads\/2016\/02\/Moda-Hombre-Barcelona-6.jpg'); \"><img decoding=\"async\" src=\"https:\/\/aramisbarcelona.com\/wp-content\/uploads\/2016\/02\/Moda-Hombre-Barcelona-6.jpg\"  alt=\"\" style=\"visibility:hidden;\" \/><\/div>\n                             <div class=\"row\" >\n          <div class=\"inner center text-center \"  style=\"width:60%;\">\n            <div class=\"inner-wrap animated fadeIn\" style=\" \">\n                          <\/div>\n          <\/div>  \n        <\/div>\n                     <style>\n              @media only screen and (max-width: 480px) { #banner_1704556985{ height:350px!important} }               <\/style>\n              <\/div><!-- end .ux_banner -->\n\n     <\/div>\n    <div class=\"ux-loading dark\"><\/div>\n<\/div><!-- .ux-slider-wrapper -->\n\n\n<\/div><\/div>\n<\/div>\n  \n<div class=\"mapa\"><iframe loading=\"lazy\" style=\"border: 0;\" src=\"https:\/\/www.google.com\/maps\/embed?pb=!1m18!1m12!1m3!1d2993.119116699565!2d2.1593873371300782!3d41.39321944408273!2m3!1f0!2f0!3f0!3m2!1i1024!2i768!4f13.1!3m3!1m2!1s0x12a4a2922c6f1b53%3A0x6f871cb87f6b991!2sRambla+de+Catalunya%2C+103%2C+08008+Barcelona!5e0!3m2!1sca!2ses!4v1455625287419\" width=\"100%\" height=\"600\" frameborder=\"0\" allowfullscreen=\"allowfullscreen\"><\/iframe><\/div>\n<div class=\"map_inner\">\n<p>Aramis \u2022 Rambla de Catalunya, 103, 08008 Barcelona Espa\u00f1a<\/p>\n<\/div>\n","protected":false},"excerpt":{"rendered":"<p>Aramis \u2022 Rambla de Catalunya, 103, 08008 Barcelona Espa\u00f1a<\/p>\n","protected":false},"author":5,"featured_media":0,"parent":0,"menu_order":0,"comment_status":"closed","ping_status":"closed","template":"page-blank.php","meta":{"footnotes":""},"class_list":["post-17","page","type-page","status-publish","hentry"],"yoast_head":"<!-- This site is optimized with the Yoast SEO plugin v27.2 - https:\/\/yoast.com\/product\/yoast-seo-wordpress\/ -->\n<title>Aramis Barcelona \u2022 Moda exclusiva para hombre y trajes a medida.<\/title>\n<meta name=\"description\" content=\"Somos expertos en Trajes para Hombre. Ac\u00e9rcate a nuestra tienda de Rambla Catalunya en Barcelona y descubre los Trajes de Lujo m\u00e1s exclusivos de la ciudad.\" \/>\n<meta name=\"robots\" content=\"index, follow, max-snippet:-1, max-image-preview:large, max-video-preview:-1\" \/>\n<link rel=\"canonical\" href=\"https:\/\/aramisbarcelona.com\/es\/history\/\" \/>\n<meta property=\"og:locale\" content=\"es_ES\" \/>\n<meta property=\"og:type\" content=\"article\" \/>\n<meta property=\"og:title\" content=\"Aramis Barcelona \u2022 Moda exclusiva para hombre y trajes a medida.\" \/>\n<meta property=\"og:description\" content=\"Somos expertos en Trajes para Hombre. Ac\u00e9rcate a nuestra tienda de Rambla Catalunya en Barcelona y descubre los Trajes de Lujo m\u00e1s exclusivos de la ciudad.\" \/>\n<meta property=\"og:url\" content=\"https:\/\/aramisbarcelona.com\/es\/history\/\" \/>\n<meta property=\"og:site_name\" content=\"Aramis Barcelona\" \/>\n<meta property=\"article:publisher\" content=\"https:\/\/www.facebook.com\/AramisModa\" \/>\n<meta property=\"article:modified_time\" content=\"2016-11-22T17:57:47+00:00\" \/>\n<meta property=\"og:image\" content=\"http:\/\/aramis.drac.info\/wp-content\/uploads\/2016\/02\/Fachada-Aramis.png\" \/>\n<meta name=\"twitter:card\" content=\"summary_large_image\" \/>\n<meta name=\"twitter:label1\" content=\"Tiempo de lectura\" \/>\n\t<meta name=\"twitter:data1\" content=\"2 minutos\" \/>\n<script type=\"application\/ld+json\" class=\"yoast-schema-graph\">{\"@context\":\"https:\/\/schema.org\",\"@graph\":[{\"@type\":\"WebPage\",\"@id\":\"https:\/\/aramisbarcelona.com\/es\/history\/\",\"url\":\"https:\/\/aramisbarcelona.com\/es\/history\/\",\"name\":\"Aramis Barcelona \u2022 Moda exclusiva para hombre y trajes a medida.\",\"isPartOf\":{\"@id\":\"https:\/\/aramisbarcelona.com\/#website\"},\"primaryImageOfPage\":{\"@id\":\"https:\/\/aramisbarcelona.com\/es\/history\/#primaryimage\"},\"image\":{\"@id\":\"https:\/\/aramisbarcelona.com\/es\/history\/#primaryimage\"},\"thumbnailUrl\":\"http:\/\/aramis.drac.info\/wp-content\/uploads\/2016\/02\/Fachada-Aramis.png\",\"datePublished\":\"2016-02-16T09:50:35+00:00\",\"dateModified\":\"2016-11-22T17:57:47+00:00\",\"description\":\"Somos expertos en Trajes para Hombre. Ac\u00e9rcate a nuestra tienda de Rambla Catalunya en Barcelona y descubre los Trajes de Lujo m\u00e1s exclusivos de la ciudad.\",\"breadcrumb\":{\"@id\":\"https:\/\/aramisbarcelona.com\/es\/history\/#breadcrumb\"},\"inLanguage\":\"es\",\"potentialAction\":[{\"@type\":\"ReadAction\",\"target\":[\"https:\/\/aramisbarcelona.com\/es\/history\/\"]}]},{\"@type\":\"ImageObject\",\"inLanguage\":\"es\",\"@id\":\"https:\/\/aramisbarcelona.com\/es\/history\/#primaryimage\",\"url\":\"http:\/\/aramis.drac.info\/wp-content\/uploads\/2016\/02\/Fachada-Aramis.png\",\"contentUrl\":\"http:\/\/aramis.drac.info\/wp-content\/uploads\/2016\/02\/Fachada-Aramis.png\"},{\"@type\":\"BreadcrumbList\",\"@id\":\"https:\/\/aramisbarcelona.com\/es\/history\/#breadcrumb\",\"itemListElement\":[{\"@type\":\"ListItem\",\"position\":1,\"name\":\"Home\",\"item\":\"https:\/\/aramisbarcelona.com\/\"},{\"@type\":\"ListItem\",\"position\":2,\"name\":\"Historia y Localizaci\u00f3n\"}]},{\"@type\":\"WebSite\",\"@id\":\"https:\/\/aramisbarcelona.com\/#website\",\"url\":\"https:\/\/aramisbarcelona.com\/\",\"name\":\"Aramis Barcelona\",\"description\":\"Founded in 1969\",\"publisher\":{\"@id\":\"https:\/\/aramisbarcelona.com\/#organization\"},\"potentialAction\":[{\"@type\":\"SearchAction\",\"target\":{\"@type\":\"EntryPoint\",\"urlTemplate\":\"https:\/\/aramisbarcelona.com\/?s={search_term_string}\"},\"query-input\":{\"@type\":\"PropertyValueSpecification\",\"valueRequired\":true,\"valueName\":\"search_term_string\"}}],\"inLanguage\":\"es\"},{\"@type\":\"Organization\",\"@id\":\"https:\/\/aramisbarcelona.com\/#organization\",\"name\":\"Aramis Barcelona\",\"url\":\"https:\/\/aramisbarcelona.com\/\",\"logo\":{\"@type\":\"ImageObject\",\"inLanguage\":\"es\",\"@id\":\"https:\/\/aramisbarcelona.com\/#\/schema\/logo\/image\/\",\"url\":\"https:\/\/aramisbarcelona.com\/wp-content\/uploads\/2016\/02\/logo-aramis-black.png\",\"contentUrl\":\"https:\/\/aramisbarcelona.com\/wp-content\/uploads\/2016\/02\/logo-aramis-black.png\",\"width\":344,\"height\":160,\"caption\":\"Aramis Barcelona\"},\"image\":{\"@id\":\"https:\/\/aramisbarcelona.com\/#\/schema\/logo\/image\/\"},\"sameAs\":[\"https:\/\/www.facebook.com\/AramisModa\",\"https:\/\/www.instagram.com\/aramisbarcelona\/\",\"https:\/\/es.pinterest.com\/aramis_barcelon\/\"]}]}<\/script>\n<!-- \/ Yoast SEO plugin. -->","yoast_head_json":{"title":"Aramis Barcelona \u2022 Moda exclusiva para hombre y trajes a medida.","description":"Somos expertos en Trajes para Hombre. Ac\u00e9rcate a nuestra tienda de Rambla Catalunya en Barcelona y descubre los Trajes de Lujo m\u00e1s exclusivos de la ciudad.","robots":{"index":"index","follow":"follow","max-snippet":"max-snippet:-1","max-image-preview":"max-image-preview:large","max-video-preview":"max-video-preview:-1"},"canonical":"https:\/\/aramisbarcelona.com\/es\/history\/","og_locale":"es_ES","og_type":"article","og_title":"Aramis Barcelona \u2022 Moda exclusiva para hombre y trajes a medida.","og_description":"Somos expertos en Trajes para Hombre. Ac\u00e9rcate a nuestra tienda de Rambla Catalunya en Barcelona y descubre los Trajes de Lujo m\u00e1s exclusivos de la ciudad.","og_url":"https:\/\/aramisbarcelona.com\/es\/history\/","og_site_name":"Aramis Barcelona","article_publisher":"https:\/\/www.facebook.com\/AramisModa","article_modified_time":"2016-11-22T17:57:47+00:00","og_image":[{"url":"http:\/\/aramis.drac.info\/wp-content\/uploads\/2016\/02\/Fachada-Aramis.png","type":"","width":"","height":""}],"twitter_card":"summary_large_image","twitter_misc":{"Tiempo de lectura":"2 minutos"},"schema":{"@context":"https:\/\/schema.org","@graph":[{"@type":"WebPage","@id":"https:\/\/aramisbarcelona.com\/es\/history\/","url":"https:\/\/aramisbarcelona.com\/es\/history\/","name":"Aramis Barcelona \u2022 Moda exclusiva para hombre y trajes a medida.","isPartOf":{"@id":"https:\/\/aramisbarcelona.com\/#website"},"primaryImageOfPage":{"@id":"https:\/\/aramisbarcelona.com\/es\/history\/#primaryimage"},"image":{"@id":"https:\/\/aramisbarcelona.com\/es\/history\/#primaryimage"},"thumbnailUrl":"http:\/\/aramis.drac.info\/wp-content\/uploads\/2016\/02\/Fachada-Aramis.png","datePublished":"2016-02-16T09:50:35+00:00","dateModified":"2016-11-22T17:57:47+00:00","description":"Somos expertos en Trajes para Hombre. Ac\u00e9rcate a nuestra tienda de Rambla Catalunya en Barcelona y descubre los Trajes de Lujo m\u00e1s exclusivos de la ciudad.","breadcrumb":{"@id":"https:\/\/aramisbarcelona.com\/es\/history\/#breadcrumb"},"inLanguage":"es","potentialAction":[{"@type":"ReadAction","target":["https:\/\/aramisbarcelona.com\/es\/history\/"]}]},{"@type":"ImageObject","inLanguage":"es","@id":"https:\/\/aramisbarcelona.com\/es\/history\/#primaryimage","url":"http:\/\/aramis.drac.info\/wp-content\/uploads\/2016\/02\/Fachada-Aramis.png","contentUrl":"http:\/\/aramis.drac.info\/wp-content\/uploads\/2016\/02\/Fachada-Aramis.png"},{"@type":"BreadcrumbList","@id":"https:\/\/aramisbarcelona.com\/es\/history\/#breadcrumb","itemListElement":[{"@type":"ListItem","position":1,"name":"Home","item":"https:\/\/aramisbarcelona.com\/"},{"@type":"ListItem","position":2,"name":"Historia y Localizaci\u00f3n"}]},{"@type":"WebSite","@id":"https:\/\/aramisbarcelona.com\/#website","url":"https:\/\/aramisbarcelona.com\/","name":"Aramis Barcelona","description":"Founded in 1969","publisher":{"@id":"https:\/\/aramisbarcelona.com\/#organization"},"potentialAction":[{"@type":"SearchAction","target":{"@type":"EntryPoint","urlTemplate":"https:\/\/aramisbarcelona.com\/?s={search_term_string}"},"query-input":{"@type":"PropertyValueSpecification","valueRequired":true,"valueName":"search_term_string"}}],"inLanguage":"es"},{"@type":"Organization","@id":"https:\/\/aramisbarcelona.com\/#organization","name":"Aramis Barcelona","url":"https:\/\/aramisbarcelona.com\/","logo":{"@type":"ImageObject","inLanguage":"es","@id":"https:\/\/aramisbarcelona.com\/#\/schema\/logo\/image\/","url":"https:\/\/aramisbarcelona.com\/wp-content\/uploads\/2016\/02\/logo-aramis-black.png","contentUrl":"https:\/\/aramisbarcelona.com\/wp-content\/uploads\/2016\/02\/logo-aramis-black.png","width":344,"height":160,"caption":"Aramis Barcelona"},"image":{"@id":"https:\/\/aramisbarcelona.com\/#\/schema\/logo\/image\/"},"sameAs":["https:\/\/www.facebook.com\/AramisModa","https:\/\/www.instagram.com\/aramisbarcelona\/","https:\/\/es.pinterest.com\/aramis_barcelon\/"]}]}},"_links":{"self":[{"href":"https:\/\/aramisbarcelona.com\/es\/wp-json\/wp\/v2\/pages\/17","targetHints":{"allow":["GET"]}}],"collection":[{"href":"https:\/\/aramisbarcelona.com\/es\/wp-json\/wp\/v2\/pages"}],"about":[{"href":"https:\/\/aramisbarcelona.com\/es\/wp-json\/wp\/v2\/types\/page"}],"author":[{"embeddable":true,"href":"https:\/\/aramisbarcelona.com\/es\/wp-json\/wp\/v2\/users\/5"}],"replies":[{"embeddable":true,"href":"https:\/\/aramisbarcelona.com\/es\/wp-json\/wp\/v2\/comments?post=17"}],"version-history":[{"count":17,"href":"https:\/\/aramisbarcelona.com\/es\/wp-json\/wp\/v2\/pages\/17\/revisions"}],"predecessor-version":[{"id":248,"href":"https:\/\/aramisbarcelona.com\/es\/wp-json\/wp\/v2\/pages\/17\/revisions\/248"}],"wp:attachment":[{"href":"https:\/\/aramisbarcelona.com\/es\/wp-json\/wp\/v2\/media?parent=17"}],"curies":[{"name":"wp","href":"https:\/\/api.w.org\/{rel}","templated":true}]}}